{"id":1923,"date":"2016-12-06T16:17:06","date_gmt":"2016-12-06T16:17:06","guid":{"rendered":"https:\/\/graficor.pt\/about-style-1\/"},"modified":"2022-08-05T12:56:47","modified_gmt":"2022-08-05T12:56:47","slug":"sobre-nosotros","status":"publish","type":"page","link":"https:\/\/graficor.pt\/es\/sobre-nosotros\/","title":{"rendered":"Sobre Nosotros"},"content":{"rendered":"<p>[vc_row full_width=\u00bbstretch_row\u00bb][vc_column][vc_empty_space height=\u00bb6.3em\u00bb alter_height=\u00bbnone\u00bb hide_on_mobile=\u00bb\u00bb][vc_row_inner][vc_column_inner][vc_empty_space height=\u00bb3em\u00bb alter_height=\u00bbnone\u00bb hide_on_mobile=\u00bb\u00bb]<div id=\"sc_title_1135594646\"\n\t\tclass=\"sc_title sc_title_default\"><h6 class=\"sc_item_subtitle sc_title_subtitle sc_align_default sc_item_title_style_default\">sobre la<\/h6><h2 class=\"sc_item_title sc_title_title sc_align_default sc_item_title_style_default\">GRAFICOR<\/h2><\/div><!-- \/.sc_title -->[vc_empty_space height=\u00bb2em\u00bb alter_height=\u00bbnone\u00bb hide_on_mobile=\u00bb\u00bb][vc_column_text]<\/p>\n<p style=\"font-weight: 400\">Precio y calidad a su disposici\u00f3n, solo en Graficor!<\/p>\n<p style=\"font-weight: 400\">Creada en 2010, y con el fin de prestar servicios que hab\u00eda carencia en el municipio de Vila Franca do Campo, Graficor se convierte, a lo largo del tiempo, en un establecimiento capaz de ir al encuentro de las necesidades de todos los clientes.<\/p>\n<p style=\"font-weight: 400\">Por lo tanto, su tienda de electrodom\u00e9sticos trae los mejores productos a su hogar. \u00bfHas pensado en encontrar el equipo que siempre has querido por un precio fenomenal?<\/p>\n<p style=\"font-weight: 400\">Son m\u00e1s de 12 a\u00f1os los que prestan servicios en los m\u00e1s diversos sectores vinculados a esta rama de negocio. De esta forma, y no menos importante, Graficor pretende convertirse no solo en una referencia en Vila Franca do Campo, sino tambi\u00e9n en todo el archipi\u00e9lago de las Azores.<\/p>\n<p style=\"font-weight: 400\">Por lo tanto, gracias a nuestro dedicado y profesional equipo, en Graficor nos ocupamos con la venta de productos en las \u00e1reas de artes gr\u00e1ficas, inform\u00e1tica, electr\u00f3nica, l\u00ednea blanca, aire acondicionado, asistencia t\u00e9cnica, punto de venta MEO, y entre muchos otros servicios conectados a estas ramas de negocio.\u00bb<\/p>\n<p style=\"font-weight: 400\">\u00a1Habla con nosotros si lo necesitas! \u00a1Tenemos todo lo que buscas!<\/p>\n<p style=\"font-weight: 400;text-align: right\">Graficor, precio y calidad a su disposici\u00f3n!!!<\/p>\n<p>[\/vc_column_text][vc_empty_space height=\u00bb2.9em\u00bb alter_height=\u00bbnone\u00bb hide_on_mobile=\u00bb\u00bb][\/vc_column_inner][\/vc_row_inner][vc_row_inner equal_height=\u00bbyes\u00bb content_placement=\u00bbmiddle\u00bb][vc_column_inner width=\u00bb1\/3&#8243; css=\u00bb.vc_custom_1659008768187{padding-right: 5px !important;padding-left: 5px !important;}\u00bb][vc_single_image image=\u00bb2802&#8243; img_size=\u00bblarge\u00bb alignment=\u00bbcenter\u00bb onclick=\u00bblink_image\u00bb][\/vc_column_inner][vc_column_inner width=\u00bb1\/3&#8243; css=\u00bb.vc_custom_1659008772505{padding-right: 5px !important;padding-left: 5px !important;}\u00bb][vc_single_image image=\u00bb2714&#8243; img_size=\u00bblarge\u00bb alignment=\u00bbcenter\u00bb onclick=\u00bblink_image\u00bb][\/vc_column_inner][vc_column_inner width=\u00bb1\/3&#8243; css=\u00bb.vc_custom_1659008776759{padding-right: 5px !important;padding-left: 5px !important;}\u00bb][vc_single_image image=\u00bb2722&#8243; img_size=\u00bblarge\u00bb alignment=\u00bbcenter\u00bb onclick=\u00bblink_image\u00bb][\/vc_column_inner][\/vc_row_inner][vc_empty_space height=\u00bb9.4em\u00bb alter_height=\u00bbnone\u00bb hide_on_mobile=\u00bb\u00bb][\/vc_column][\/vc_row]<\/p>\n","protected":false},"excerpt":{"rendered":"<p>[vc_row full_width=\u00bbstretch_row\u00bb][vc_column][vc_empty_space height=\u00bb6.3em\u00bb alter_height=\u00bbnone\u00bb hide_on_mobile=\u00bb\u00bb][vc_row_inner][vc_column_inner][vc_empty_space height=\u00bb3em\u00bb alter_height=\u00bbnone\u00bb hide_on_mobile=\u00bb\u00bb][vc_empty_space height=\u00bb2em\u00bb alter_height=\u00bbnone\u00bb hide_on_mobile=\u00bb\u00bb][vc_column_text] Precio y calidad a su disposici\u00f3n, solo en Graficor! Creada en 2010, y con el fin de prestar servicios que hab\u00eda carencia en el municipio de Vila Franca do Campo, Graficor se convierte, a lo largo del tiempo, en un establecimiento capaz de ir al encuentro de las necesidades&hellip;<\/p>\n","protected":false},"author":1,"featured_media":2802,"parent":0,"menu_order":0,"comment_status":"closed","ping_status":"closed","template":"","meta":[],"acf":[],"yoast_head":"<!-- This site is optimized with the Yoast SEO plugin v19.4 - https:\/\/yoast.com\/wordpress\/plugins\/seo\/ -->\n<title>Electrodom\u00e9sticos Online | Descubre M\u00e1s sobre Graficor<\/title>\n<meta name=\"description\" content=\"\u00bfHa pensado en encontrar el equipo que siempre ha querido, por un precio fenomenal? \u00a1Graficor es su tienda de electrodom\u00e9sticos en las Azores!\" \/>\n<meta name=\"robots\" content=\"index, follow, max-snippet:-1, max-image-preview:large, max-video-preview:-1\" \/>\n<link rel=\"canonical\" href=\"https:\/\/graficor.pt\/es\/sobre-nosotros\/\" \/>\n<meta property=\"og:locale\" content=\"es_ES\" \/>\n<meta property=\"og:type\" content=\"article\" \/>\n<meta property=\"og:title\" content=\"Electrodom\u00e9sticos Online | Descubre M\u00e1s sobre Graficor\" \/>\n<meta property=\"og:description\" content=\"\u00bfHa pensado en encontrar el equipo que siempre ha querido, por un precio fenomenal? \u00a1Graficor es su tienda de electrodom\u00e9sticos en las Azores!\" \/>\n<meta property=\"og:url\" content=\"https:\/\/graficor.pt\/es\/sobre-nosotros\/\" \/>\n<meta property=\"og:site_name\" content=\"Graficor - Venda de Eletrodom\u00e9sticos em Vila Franca Do Campo\" \/>\n<meta property=\"article:modified_time\" content=\"2022-08-05T12:56:47+00:00\" \/>\n<meta property=\"og:image\" content=\"https:\/\/graficor.pt\/wp-content\/uploads\/2022\/08\/A7I09938-scaled.jpg\" \/>\n\t<meta property=\"og:image:width\" content=\"2560\" \/>\n\t<meta property=\"og:image:height\" content=\"1706\" \/>\n\t<meta property=\"og:image:type\" content=\"image\/jpeg\" \/>\n<meta name=\"twitter:card\" content=\"summary_large_image\" \/>\n<meta name=\"twitter:label1\" content=\"Est. reading time\" \/>\n\t<meta name=\"twitter:data1\" content=\"2 minutos\" \/>\n<script type=\"application\/ld+json\" class=\"yoast-schema-graph\">{\"@context\":\"https:\/\/schema.org\",\"@graph\":[{\"@type\":\"WebSite\",\"@id\":\"https:\/\/graficor.pt\/#website\",\"url\":\"https:\/\/graficor.pt\/\",\"name\":\"Graficor - Venda de Eletrodom\u00e9sticos em Vila Franca Do Campo\",\"description\":\"\",\"potentialAction\":[{\"@type\":\"SearchAction\",\"target\":{\"@type\":\"EntryPoint\",\"urlTemplate\":\"https:\/\/graficor.pt\/?s={search_term_string}\"},\"query-input\":\"required name=search_term_string\"}],\"inLanguage\":\"es\"},{\"@type\":\"WebPage\",\"@id\":\"https:\/\/graficor.pt\/es\/sobre-nosotros\/\",\"url\":\"https:\/\/graficor.pt\/es\/sobre-nosotros\/\",\"name\":\"Electrodom\u00e9sticos Online | Descubre M\u00e1s sobre Graficor\",\"isPartOf\":{\"@id\":\"https:\/\/graficor.pt\/#website\"},\"datePublished\":\"2016-12-06T16:17:06+00:00\",\"dateModified\":\"2022-08-05T12:56:47+00:00\",\"description\":\"\u00bfHa pensado en encontrar el equipo que siempre ha querido, por un precio fenomenal? \u00a1Graficor es su tienda de electrodom\u00e9sticos en las Azores!\",\"breadcrumb\":{\"@id\":\"https:\/\/graficor.pt\/es\/sobre-nosotros\/#breadcrumb\"},\"inLanguage\":\"es\",\"potentialAction\":[{\"@type\":\"ReadAction\",\"target\":[\"https:\/\/graficor.pt\/es\/sobre-nosotros\/\"]}]},{\"@type\":\"BreadcrumbList\",\"@id\":\"https:\/\/graficor.pt\/es\/sobre-nosotros\/#breadcrumb\",\"itemListElement\":[{\"@type\":\"ListItem\",\"position\":1,\"name\":\"Home\",\"item\":\"https:\/\/graficor.pt\/es\/home\/\"},{\"@type\":\"ListItem\",\"position\":2,\"name\":\"Sobre Nosotros\"}]}]}<\/script>\n<!-- \/ Yoast SEO plugin. -->","yoast_head_json":{"title":"Electrodom\u00e9sticos Online | Descubre M\u00e1s sobre Graficor","description":"\u00bfHa pensado en encontrar el equipo que siempre ha querido, por un precio fenomenal? \u00a1Graficor es su tienda de electrodom\u00e9sticos en las Azores!","robots":{"index":"index","follow":"follow","max-snippet":"max-snippet:-1","max-image-preview":"max-image-preview:large","max-video-preview":"max-video-preview:-1"},"canonical":"https:\/\/graficor.pt\/es\/sobre-nosotros\/","og_locale":"es_ES","og_type":"article","og_title":"Electrodom\u00e9sticos Online | Descubre M\u00e1s sobre Graficor","og_description":"\u00bfHa pensado en encontrar el equipo que siempre ha querido, por un precio fenomenal? \u00a1Graficor es su tienda de electrodom\u00e9sticos en las Azores!","og_url":"https:\/\/graficor.pt\/es\/sobre-nosotros\/","og_site_name":"Graficor - Venda de Eletrodom\u00e9sticos em Vila Franca Do Campo","article_modified_time":"2022-08-05T12:56:47+00:00","og_image":[{"width":2560,"height":1706,"url":"https:\/\/graficor.pt\/wp-content\/uploads\/2022\/08\/A7I09938-scaled.jpg","type":"image\/jpeg"}],"twitter_card":"summary_large_image","twitter_misc":{"Est. reading time":"2 minutos"},"schema":{"@context":"https:\/\/schema.org","@graph":[{"@type":"WebSite","@id":"https:\/\/graficor.pt\/#website","url":"https:\/\/graficor.pt\/","name":"Graficor - Venda de Eletrodom\u00e9sticos em Vila Franca Do Campo","description":"","potentialAction":[{"@type":"SearchAction","target":{"@type":"EntryPoint","urlTemplate":"https:\/\/graficor.pt\/?s={search_term_string}"},"query-input":"required name=search_term_string"}],"inLanguage":"es"},{"@type":"WebPage","@id":"https:\/\/graficor.pt\/es\/sobre-nosotros\/","url":"https:\/\/graficor.pt\/es\/sobre-nosotros\/","name":"Electrodom\u00e9sticos Online | Descubre M\u00e1s sobre Graficor","isPartOf":{"@id":"https:\/\/graficor.pt\/#website"},"datePublished":"2016-12-06T16:17:06+00:00","dateModified":"2022-08-05T12:56:47+00:00","description":"\u00bfHa pensado en encontrar el equipo que siempre ha querido, por un precio fenomenal? \u00a1Graficor es su tienda de electrodom\u00e9sticos en las Azores!","breadcrumb":{"@id":"https:\/\/graficor.pt\/es\/sobre-nosotros\/#breadcrumb"},"inLanguage":"es","potentialAction":[{"@type":"ReadAction","target":["https:\/\/graficor.pt\/es\/sobre-nosotros\/"]}]},{"@type":"BreadcrumbList","@id":"https:\/\/graficor.pt\/es\/sobre-nosotros\/#breadcrumb","itemListElement":[{"@type":"ListItem","position":1,"name":"Home","item":"https:\/\/graficor.pt\/es\/home\/"},{"@type":"ListItem","position":2,"name":"Sobre Nosotros"}]}]}},"_links":{"self":[{"href":"https:\/\/graficor.pt\/es\/wp-json\/wp\/v2\/pages\/1923"}],"collection":[{"href":"https:\/\/graficor.pt\/es\/wp-json\/wp\/v2\/pages"}],"about":[{"href":"https:\/\/graficor.pt\/es\/wp-json\/wp\/v2\/types\/page"}],"author":[{"embeddable":true,"href":"https:\/\/graficor.pt\/es\/wp-json\/wp\/v2\/users\/1"}],"replies":[{"embeddable":true,"href":"https:\/\/graficor.pt\/es\/wp-json\/wp\/v2\/comments?post=1923"}],"version-history":[{"count":22,"href":"https:\/\/graficor.pt\/es\/wp-json\/wp\/v2\/pages\/1923\/revisions"}],"predecessor-version":[{"id":2966,"href":"https:\/\/graficor.pt\/es\/wp-json\/wp\/v2\/pages\/1923\/revisions\/2966"}],"wp:featuredmedia":[{"embeddable":true,"href":"https:\/\/graficor.pt\/es\/wp-json\/wp\/v2\/media\/2802"}],"wp:attachment":[{"href":"https:\/\/graficor.pt\/es\/wp-json\/wp\/v2\/media?parent=1923"}],"curies":[{"name":"wp","href":"https:\/\/api.w.org\/{rel}","templated":true}]}}